{"version":"1.0","provider_name":"Atando Cabos","provider_url":"https:\/\/magarinos.eu\/atandocabos","title":"Manuel Magari\u00f1os Mera (1872 - 1912) - el delineante - Atando Cabos","type":"rich","width":600,"height":338,"html":"<blockquote class=\"wp-embedded-content\" data-secret=\"6jdjGUgGen\"><a href=\"https:\/\/magarinos.eu\/atandocabos\/blog\/2017\/06\/05\/manuel-magarinos-mera-el-delineante\/\">Manuel Magari\u00f1os Mera (1872 &#8211; 1912) &#8211; el delineante<\/a><\/blockquote><iframe sandbox=\"allow-scripts\" security=\"restricted\" src=\"https:\/\/magarinos.eu\/atandocabos\/blog\/2017\/06\/05\/manuel-magarinos-mera-el-delineante\/embed\/#?secret=6jdjGUgGen\" width=\"600\" height=\"338\" title=\"\u00abManuel Magari\u00f1os Mera (1872 &#8211; 1912) &#8211; el delineante\u00bb \u2014 Atando Cabos\" data-secret=\"6jdjGUgGen\" frameborder=\"0\" marginwidth=\"0\" marginheight=\"0\" scrolling=\"no\" class=\"wp-embedded-content\"><\/iframe><script>\n\/*! This file is auto-generated *\/\n!function(d,l){\"use strict\";l.querySelector&&d.addEventListener&&\"undefined\"!=typeof URL&&(d.wp=d.wp||{},d.wp.receiveEmbedMessage||(d.wp.receiveEmbedMessage=function(e){var t=e.data;if((t||t.secret||t.message||t.value)&&!\/[^a-zA-Z0-9]\/.test(t.secret)){for(var s,r,n,a=l.querySelectorAll('iframe[data-secret=\"'+t.secret+'\"]'),o=l.querySelectorAll('blockquote[data-secret=\"'+t.secret+'\"]'),c=new RegExp(\"^https?:$\",\"i\"),i=0;i<o.length;i++)o[i].style.display=\"none\";for(i=0;i<a.length;i++)s=a[i],e.source===s.contentWindow&&(s.removeAttribute(\"style\"),\"height\"===t.message?(1e3<(r=parseInt(t.value,10))?r=1e3:~~r<200&&(r=200),s.height=r):\"link\"===t.message&&(r=new URL(s.getAttribute(\"src\")),n=new URL(t.value),c.test(n.protocol))&&n.host===r.host&&l.activeElement===s&&(d.top.location.href=t.value))}},d.addEventListener(\"message\",d.wp.receiveEmbedMessage,!1),l.addEventListener(\"DOMContentLoaded\",function(){for(var e,t,s=l.querySelectorAll(\"iframe.wp-embedded-content\"),r=0;r<s.length;r++)(t=(e=s[r]).getAttribute(\"data-secret\"))||(t=Math.random().toString(36).substring(2,12),e.src+=\"#?secret=\"+t,e.setAttribute(\"data-secret\",t)),e.contentWindow.postMessage({message:\"ready\",secret:t},\"*\")},!1)))}(window,document);\n\/\/# sourceURL=https:\/\/magarinos.eu\/atandocabos\/wp-includes\/js\/wp-embed.min.js\n<\/script>\n","thumbnail_url":"https:\/\/magarinos.eu\/atandocabos\/wp-content\/uploads\/2017\/04\/retrato-de-manuel-magaric3b1oscol.jpg","thumbnail_width":1841,"thumbnail_height":2089,"description":"Mi bisabuelo Manuel Magari\u00f1os Magari\u00f1os Mera (1872-1912), el abuelo Manolo, como le llamaban mi madre y mis t\u00edos, jug\u00f3 un breve pero esencial papel en la la tradici\u00f3n oral familiar. Manuel hab\u00eda nacido el cinco de julio de 1872, en Madrid, en la \u00e9poca de la primera rep\u00fablica, en la calle de la Huerta del [&hellip;]"}