{"version":"1.0","provider_name":"Atando Cabos","provider_url":"https:\/\/magarinos.eu\/atandocabos","title":"12 de Octubre: D\u00eda de la Hispanidad - Atando Cabos","type":"rich","width":600,"height":338,"html":"<blockquote class=\"wp-embedded-content\" data-secret=\"fUxn9m2Bcn\"><a href=\"https:\/\/magarinos.eu\/atandocabos\/blog\/2016\/10\/12\/12-de-octubre-dia-de-la-hispanidad\/\">12 de Octubre: D\u00eda de la Hispanidad<\/a><\/blockquote><iframe sandbox=\"allow-scripts\" security=\"restricted\" src=\"https:\/\/magarinos.eu\/atandocabos\/blog\/2016\/10\/12\/12-de-octubre-dia-de-la-hispanidad\/embed\/#?secret=fUxn9m2Bcn\" width=\"600\" height=\"338\" title=\"\u00ab12 de Octubre: D\u00eda de la Hispanidad\u00bb \u2014 Atando Cabos\" data-secret=\"fUxn9m2Bcn\" frameborder=\"0\" marginwidth=\"0\" marginheight=\"0\" scrolling=\"no\" class=\"wp-embedded-content\"><\/iframe><script>\n\/*! This file is auto-generated *\/\n!function(d,l){\"use strict\";l.querySelector&&d.addEventListener&&\"undefined\"!=typeof URL&&(d.wp=d.wp||{},d.wp.receiveEmbedMessage||(d.wp.receiveEmbedMessage=function(e){var t=e.data;if((t||t.secret||t.message||t.value)&&!\/[^a-zA-Z0-9]\/.test(t.secret)){for(var s,r,n,a=l.querySelectorAll('iframe[data-secret=\"'+t.secret+'\"]'),o=l.querySelectorAll('blockquote[data-secret=\"'+t.secret+'\"]'),c=new RegExp(\"^https?:$\",\"i\"),i=0;i<o.length;i++)o[i].style.display=\"none\";for(i=0;i<a.length;i++)s=a[i],e.source===s.contentWindow&&(s.removeAttribute(\"style\"),\"height\"===t.message?(1e3<(r=parseInt(t.value,10))?r=1e3:~~r<200&&(r=200),s.height=r):\"link\"===t.message&&(r=new URL(s.getAttribute(\"src\")),n=new URL(t.value),c.test(n.protocol))&&n.host===r.host&&l.activeElement===s&&(d.top.location.href=t.value))}},d.addEventListener(\"message\",d.wp.receiveEmbedMessage,!1),l.addEventListener(\"DOMContentLoaded\",function(){for(var e,t,s=l.querySelectorAll(\"iframe.wp-embedded-content\"),r=0;r<s.length;r++)(t=(e=s[r]).getAttribute(\"data-secret\"))||(t=Math.random().toString(36).substring(2,12),e.src+=\"#?secret=\"+t,e.setAttribute(\"data-secret\",t)),e.contentWindow.postMessage({message:\"ready\",secret:t},\"*\")},!1)))}(window,document);\n\/\/# sourceURL=https:\/\/magarinos.eu\/atandocabos\/wp-includes\/js\/wp-embed.min.js\n<\/script>\n","thumbnail_url":"https:\/\/magarinos.eu\/atandocabos\/wp-content\/uploads\/2016\/10\/santiago-magaric3b1os1.png","thumbnail_width":207,"thumbnail_height":350,"description":"El d\u00eda de la fiesta nacional es inevitable pensar en Brassens. En la familia siempre hemos sido muy de cantautores como Sabina, S\u00e1nchez Ferlosio, Sisa, Krahe, Mar\u00eda del Mar Bonet y, por su puesto, Brassens, que en su famosa&nbsp;canci\u00f3n&nbsp;La mala reputaci\u00f3n&nbsp;cantaba aquello de: \u00bfQue es el 12 de Octubre hoy?:en mi camita yo me estoy;y [&hellip;]"}