{"version":"1.0","provider_name":"Atando Cabos","provider_url":"https:\/\/magarinos.eu\/atandocabos","title":"La vaquer\u00eda del t\u00edo Emeterio - Atando Cabos","type":"rich","width":600,"height":338,"html":"<blockquote class=\"wp-embedded-content\" data-secret=\"Vli05em102\"><a href=\"https:\/\/magarinos.eu\/atandocabos\/blog\/2016\/05\/04\/la-vaqueria-del-tio-emeterio\/\">La vaquer\u00eda del t\u00edo Emeterio<\/a><\/blockquote><iframe sandbox=\"allow-scripts\" security=\"restricted\" src=\"https:\/\/magarinos.eu\/atandocabos\/blog\/2016\/05\/04\/la-vaqueria-del-tio-emeterio\/embed\/#?secret=Vli05em102\" width=\"600\" height=\"338\" title=\"\u00abLa vaquer\u00eda del t\u00edo Emeterio\u00bb \u2014 Atando Cabos\" data-secret=\"Vli05em102\" frameborder=\"0\" marginwidth=\"0\" marginheight=\"0\" scrolling=\"no\" class=\"wp-embedded-content\"><\/iframe><script>\n\/*! This file is auto-generated *\/\n!function(d,l){\"use strict\";l.querySelector&&d.addEventListener&&\"undefined\"!=typeof URL&&(d.wp=d.wp||{},d.wp.receiveEmbedMessage||(d.wp.receiveEmbedMessage=function(e){var t=e.data;if((t||t.secret||t.message||t.value)&&!\/[^a-zA-Z0-9]\/.test(t.secret)){for(var s,r,n,a=l.querySelectorAll('iframe[data-secret=\"'+t.secret+'\"]'),o=l.querySelectorAll('blockquote[data-secret=\"'+t.secret+'\"]'),c=new RegExp(\"^https?:$\",\"i\"),i=0;i<o.length;i++)o[i].style.display=\"none\";for(i=0;i<a.length;i++)s=a[i],e.source===s.contentWindow&&(s.removeAttribute(\"style\"),\"height\"===t.message?(1e3<(r=parseInt(t.value,10))?r=1e3:~~r<200&&(r=200),s.height=r):\"link\"===t.message&&(r=new URL(s.getAttribute(\"src\")),n=new URL(t.value),c.test(n.protocol))&&n.host===r.host&&l.activeElement===s&&(d.top.location.href=t.value))}},d.addEventListener(\"message\",d.wp.receiveEmbedMessage,!1),l.addEventListener(\"DOMContentLoaded\",function(){for(var e,t,s=l.querySelectorAll(\"iframe.wp-embedded-content\"),r=0;r<s.length;r++)(t=(e=s[r]).getAttribute(\"data-secret\"))||(t=Math.random().toString(36).substring(2,12),e.src+=\"#?secret=\"+t,e.setAttribute(\"data-secret\",t)),e.contentWindow.postMessage({message:\"ready\",secret:t},\"*\")},!1)))}(window,document);\n\/\/# sourceURL=https:\/\/magarinos.eu\/atandocabos\/wp-includes\/js\/wp-embed.min.js\n<\/script>\n","thumbnail_url":"https:\/\/magarinos.eu\/atandocabos\/wp-content\/uploads\/2016\/05\/emeterio_magarinos_lecherc3ada.png","thumbnail_width":642,"thumbnail_height":576,"description":"En una entrada anterior del blog habl\u00e1bamos de la boda de Manuel Magari\u00f1os Mera. Por la esquela de Manuel, sabemos que ten\u00eda un hermano llamado Emeterio, que se hab\u00eda casado con\u00a0Matilde Torres. Para no liarnos mucho, aqu\u00ed incluyo los v\u00ednculos a los \u00e1rboles geneal\u00f3gicos. \u00c1rbol de la familia Magari\u00f1os \u00c1rbol de la familia Ram\u00f3n Llera [&hellip;]"}